{"id":841,"date":"2021-08-08T16:31:20","date_gmt":"2021-08-08T16:31:20","guid":{"rendered":"https:\/\/www.regeplus.be\/data-sets\/regeneration-monitoring\/"},"modified":"2022-01-13T14:02:35","modified_gmt":"2022-01-13T14:02:35","slug":"regeneration-monitoring","status":"publish","type":"page","link":"https:\/\/www.regeplus.be\/fr\/data-sets\/regeneration-monitoring\/","title":{"rendered":"Suivi de la r\u00e9g\u00e9n\u00e9ration"},"content":{"rendered":"<div class=\"wpb-content-wrapper\" id=\"wpb-content-root\"><p>[vc_row][vc_column][vc_empty_space height=\u00a0\u00bb50px\u00a0\u00bb][\/vc_column][\/vc_row][vc_row el_class=\u00a0\u00bbpt-2&Prime;][vc_column][vc_custom_heading text=\u00a0\u00bbPlacettes de r\u00e9g\u00e9n\u00e9ration en peuplements feuillus\u00a0\u00bb use_theme_fonts=\u00a0\u00bbyes\u00a0\u00bb el_class=\u00a0\u00bbmb-0&Prime;][vc_separator color=\u00a0\u00bbcustom\u00a0\u00bb el_class=\u00a0\u00bbpt-1&Prime; accent_color=\u00a0\u00bb#689d46&Prime;][\/vc_column][\/vc_row][vc_row][vc_column width=\u00a0\u00bb1\/2&Prime;][vc_single_image image=\u00a0\u00bb332&Prime; img_size=\u00a0\u00bbfull\u00a0\u00bb][\/vc_column][vc_column width=\u00a0\u00bb1\/2&Prime;][vc_column_text el_class=\u00a0\u00bbmb-0&Prime;]<span style=\"font-weight: 400;\">Ce jeu de donn\u00e9es contient le suivi de la r\u00e9g\u00e9n\u00e9ration naturelle en peuplements in\u00e9quiennes et m\u00e9lang\u00e9s de ch\u00eane sessile (<\/span><i><span style=\"font-weight: 400;\">Quercus petraea<\/span><\/i><span style=\"font-weight: 400;\"> (Matt.) Liebl.) et de h\u00eatre (<\/span><i><span style=\"font-weight: 400;\">Fagus sylvatica<\/span><\/i><span style=\"font-weight: 400;\"> L.), en Ardenne belge (50\u00b015&rsquo;N, 5\u00b040&rsquo;E) entre 2007 et 2012.<\/span><\/p>\n<p><span style=\"font-weight: 400;\">La disponibilit\u00e9 en \u00e9l\u00e9ments nutritifs et en eau est bien repr\u00e9sentative des for\u00eats de h\u00eatres acidophiles m\u00e9dio-europ\u00e9ennes (code CORINE 41.111) en Ardenne. Les pr\u00e9cipitations annuelles moyennes des sites d&rsquo;\u00e9tude varient entre 931 et 1178 mm\/an et la gamme temp\u00e9rature moyenne annuelle s&rsquo;\u00e9tend entre 8.4 and 9.4\u00b0C. Les sols bruns acides bien drain\u00e9s (classification p\u00e9dologique WRB) de profondeur variable (moyenne de 47 cm et \u00e9cart-type de 25 cm) d\u00e9velopp\u00e9s sur des substrats de schiste et de gr\u00e8s oligotrophes hercyniens sont majoritaires.\u00a0<\/span>[\/vc_column_text][vc_toggle title=\u00a0\u00bbLire la suite\u00a0\u00bb style=\u00a0\u00bbsimple\u00a0\u00bb size=\u00a0\u00bbsm\u00a0\u00bb custom_font_container=\u00a0\u00bbtag:p|text_align:left\u00a0\u00bb custom_use_theme_fonts=\u00a0\u00bbyes\u00a0\u00bb use_custom_heading=\u00a0\u00bbtrue\u00a0\u00bb el_class=\u00a0\u00bbpt-1&Prime;]<span style=\"font-weight: 400;\">Les esp\u00e8ces herbac\u00e9es dominantes \u00e9taient <\/span><i><span style=\"font-weight: 400;\">Luzula luzuloides<\/span><\/i><span style=\"font-weight: 400;\"> (Lam.) Dandy &amp; Willm, <\/span><i><span style=\"font-weight: 400;\">Vaccinium myrtillus<\/span><\/i><span style=\"font-weight: 400;\"> L., <\/span><i><span style=\"font-weight: 400;\">Deschampsia flexuosa<\/span><\/i><span style=\"font-weight: 400;\"> (L.) Trin, <\/span><i><span style=\"font-weight: 400;\">Dryopteris carthusiana<\/span><\/i><span style=\"font-weight: 400;\"> (Villar) H.P. Fuchs and <\/span><i><span style=\"font-weight: 400;\">Pteridium aquilinum<\/span><\/i><span style=\"font-weight: 400;\"> (L.) Kuhn, typiques des sols acides. Les peuplements ont \u00e9t\u00e9 s\u00e9lectionn\u00e9s dans des for\u00eats publiques g\u00e9r\u00e9es selon les principes de la sylviculture \u00e0 couvert continu. Les peuplements \u00e9tudi\u00e9s avaient des structures verticales et horizontales complexes et comprenaient une large gamme de classes de diam\u00e8tre \u00e0 hauteur de poitrine et de hauteur totale. La composition du peuplement \u00e9tait \u00e9galement diversifi\u00e9e, allant de peuplements de h\u00eatres monosp\u00e9cifiques \u00e0 des peuplements presque enti\u00e8rement domin\u00e9s par le ch\u00eane. D&rsquo;autres esp\u00e8ces (principalement <\/span><i><span style=\"font-weight: 400;\">Carpinus betulus<\/span><\/i><span style=\"font-weight: 400;\"> L., <\/span><i><span style=\"font-weight: 400;\">Betula pendula<\/span><\/i><span style=\"font-weight: 400;\"> Roth et <\/span><i><span style=\"font-weight: 400;\">Acer pseudoplatanus <\/span><\/i><span style=\"font-weight: 400;\">L.) repr\u00e9sentaient jusqu&rsquo;\u00e0 20% de la composition du peuplement.<\/span><\/p>\n<p><span style=\"font-weight: 400;\">Au printemps 2007, 27 sites ont \u00e9t\u00e9 s\u00e9lectionn\u00e9s avec une r\u00e9g\u00e9n\u00e9ration bien \u00e9tablie (de 10 \u00e0 300 cm de hauteur) afin de couvrir une large gamme de structure et de composition de peuplement. Les zones de r\u00e9g\u00e9n\u00e9ration (de 100 \u00e0 6500 m\u00b2<\/span><span style=\"font-weight: 400;\">) ont \u00e9t\u00e9 cl\u00f4tur\u00e9es pour les prot\u00e9ger de l&rsquo;abroutissement par les cerfs. A l&rsquo;int\u00e9rieur de chaque cl\u00f4ture, les gaules ont \u00e9t\u00e9 \u00e9chantillonn\u00e9es au sein de 5 \u00e0 31 placettes carr\u00e9es de 4 m\u00b2 (242 placettes au total). Les placettes ont \u00e9t\u00e9 dispos\u00e9es tous les 4 m\u00e8tres selon un quadrillage syst\u00e9matique. Les gaules \u00e0 l&rsquo;int\u00e9rieur de ces placettes ont \u00e9t\u00e9 mesur\u00e9es. Au d\u00e9but du suivi, toutes les gaules ont \u00e9t\u00e9 mesur\u00e9es alors que seuls les gaules les plus hautes ont \u00e9t\u00e9 mesur\u00e9es par la suite. A l&rsquo;int\u00e9rieur des cl\u00f4tures et sur une zone tampon de 20 m \u00e0 l&rsquo;ext\u00e9rieur des cl\u00f4tures, chaque arbre d&rsquo;un diam\u00e8tre \u00e0 hauteur de poitrine sup\u00e9rieur \u00e0 6.4 cm a \u00e9t\u00e9 mesur\u00e9 et cartographi\u00e9.<\/span><\/p>\n<p><span style=\"font-weight: 400;\">Des photographies h\u00e9misph\u00e9riques et un capteur de lumi\u00e8re ont \u00e9t\u00e9 utilis\u00e9s pour d\u00e9terminer la quantit\u00e9 de lumi\u00e8re disponible pour les gaules. Le pourcentage de lumi\u00e8re au-dessus de la canop\u00e9e mesur\u00e9 dans le sous-\u00e9tage variait entre 1% et 61% pour les placettes domin\u00e9es par le ch\u00eane, et entre 2% et 43% pour les placettes domin\u00e9es par le h\u00eatre. Ceci englobait une grande gamme de situations, allant d&rsquo;un couvert ferm\u00e9 jusqu&rsquo;\u00e0 une trou\u00e9e d&rsquo;une surface proche de 1200 m\u00b2 (surface sans couronne sus jacente).\u00a0<\/span><\/p>\n<p><span style=\"font-weight: 400;\">La description du sol et de l&rsquo;humus ainsi que des relev\u00e9s floristiques (m\u00e9thode Braun-Blanquet) ont \u00e9t\u00e9 effectu\u00e9s afin de calculer les niveaux trophique et hydrique pour chaque site.<\/span>[\/vc_toggle][\/vc_column][\/vc_row][vc_row el_class=\u00a0\u00bbpt-2&Prime;][vc_column][vc_custom_heading text=\u00a0\u00bbPlacettes de r\u00e9g\u00e9n\u00e9ration en peuplements r\u00e9sineux\u00a0\u00bb use_theme_fonts=\u00a0\u00bbyes\u00a0\u00bb el_class=\u00a0\u00bbmb-0&Prime;][vc_separator color=\u00a0\u00bbcustom\u00a0\u00bb el_class=\u00a0\u00bbpt-1&Prime; accent_color=\u00a0\u00bb#689d46&Prime;][\/vc_column][\/vc_row][vc_row][vc_column width=\u00a0\u00bb1\/2&Prime;][vc_single_image image=\u00a0\u00bb347&Prime; img_size=\u00a0\u00bbfull\u00a0\u00bb][\/vc_column][vc_column width=\u00a0\u00bb1\/2&Prime;][vc_column_text el_class=\u00a0\u00bbmb-0&Prime;]<span style=\"font-weight: 400;\">Neuf placettes permanentes de 1 ha ont \u00e9t\u00e9 implant\u00e9es en 2014 dans le sud de la Belgique afin suivre la transformation des peuplements r\u00e9sineux \u00e9quiennes en peuplements r\u00e9sineux d&rsquo;\u00e2ges multiples. Les peuplements \u00e9tudi\u00e9s sont situ\u00e9s en Ardenne belge (environ 50\u00b0N, 5\u00b0E) entre 400 et 600 m d&rsquo;altitude. Les sols dominants sont des sols bruns acides bien drain\u00e9s (classification p\u00e9dologique WRB) de profondeur variable s&rsquo;\u00e9tant d\u00e9velopp\u00e9s sur des substrats oligotrophes hercyniens de schiste et de gr\u00e8s. Les esp\u00e8ces herbac\u00e9es dominantes sont <\/span><i><span style=\"font-weight: 400;\">Luzula luzuloides <\/span><\/i><span style=\"font-weight: 400;\">(Lam.), Dandy &amp; Willm, <\/span><i><span style=\"font-weight: 400;\">Vaccinium myrtillus<\/span><\/i><span style=\"font-weight: 400;\"> L., <\/span><i><span style=\"font-weight: 400;\">Deschampsia flexuosa<\/span><\/i><span style=\"font-weight: 400;\"> (L.) Trin, <\/span><i><span style=\"font-weight: 400;\">Dryopteris carthusiana<\/span><\/i><span style=\"font-weight: 400;\"> (Villar) H.P. Fuchs et <\/span><i><span style=\"font-weight: 400;\">Pteridium aquilinum <\/span><\/i><span style=\"font-weight: 400;\">(L.) Kuhn, typiques des sols acides.\u00a0<\/span><\/p>\n<p><span style=\"font-weight: 400;\">Les neuf peuplements ont \u00e9t\u00e9 s\u00e9lectionn\u00e9s de mani\u00e8re \u00e0 couvrir diff\u00e9rentes compositions sp\u00e9cifiques et divers stades de d\u00e9veloppement. <\/span>[\/vc_column_text][vc_toggle title=\u00a0\u00bbLire la suite\u00a0\u00bb style=\u00a0\u00bbsimple\u00a0\u00bb size=\u00a0\u00bbsm\u00a0\u00bb custom_font_container=\u00a0\u00bbtag:p|text_align:left\u00a0\u00bb custom_use_theme_fonts=\u00a0\u00bbyes\u00a0\u00bb use_custom_heading=\u00a0\u00bbtrue\u00a0\u00bb el_class=\u00a0\u00bbpt-1&Prime;]<span style=\"font-weight: 400;\">Ces peuplements sont issus de plantations d&rsquo;\u00e9pic\u00e9a (<i>Picea abies<\/i> (L.) Karst), de douglas (<i>Pseudotsuga menziesii<\/i> (Mirb.) Franco.) et, dans deux peuplements, de sapin pectin\u00e9 (<i>Abies alba<\/i> Mill.) et de m\u00e9l\u00e8ze du Japon (<i>Larix Kaempferi<\/i> (Lamb) Carr). Les peuplements comprenaient en outre d&rsquo;autres esp\u00e8ces telles <i>Sorbus aucuparia <\/i>L, <i>Fagus sylvatica <\/i>L., <i>Tsuga heterophylla<\/i> (Ref.) Sarg., <i>Betula<\/i> sp. and <i>Pinus sylvestris<\/i> L. qui se sont r\u00e9g\u00e9n\u00e9r\u00e9es naturellement ou ont \u00e9t\u00e9 pr\u00e9serv\u00e9es par la gestion foresti\u00e8re pass\u00e9e. Tous ces peuplements sont en for\u00eats publiques g\u00e9r\u00e9es selon les principes de la sylviculture \u00e0 couvert continu. Des \u00e9claircies s\u00e9lectives ou des coupes partielles sont r\u00e9alis\u00e9es p\u00e9riodiquement (environ tous les 6 \u00e0 12 ans). Le cerf (<i>Cervus elaphus<\/i> L.) et le chevreuil (<i>Capreolus capreolus<\/i> L.) \u00e9taient pr\u00e9sents dans la zone mais en abondance limit\u00e9e, causant relativement peu de d\u00e9g\u00e2ts d&rsquo;abroutissement.<\/span><\/p>\n<p>Dans chaque peuplement, les arbres de diam\u00e8tre sup\u00e9rieur \u00e0 10 cm ont \u00e9t\u00e9 cartographi\u00e9s et leur diam\u00e8tre mesur\u00e9. De plus, 12 sous-placettes circulaires de 3 m de rayon ont \u00e9t\u00e9 am\u00e9nag\u00e9es syst\u00e9matiquement pour suivre la r\u00e9g\u00e9n\u00e9ration (densit\u00e9, hauteur) et les conditions d&rsquo;\u00e9clairement. Ces mesures sont r\u00e9p\u00e9t\u00e9es tous les deux ans.<\/p>\n<p>De plus, en 2016, la hauteur totale des arbres, la hauteur de la base de la couronne et les rayons de la couronne ont \u00e9t\u00e9 mesur\u00e9s. En mars-avril 2018 et en octobre 2018, les trois gaules les plus hautes de chaque esp\u00e8ce ont \u00e9t\u00e9 mesur\u00e9es dans chaque sous-parcelle. Leur hauteur, la longueur des pousses terminales des ann\u00e9es 2016, 2017 et 2018 ont \u00e9galement \u00e9t\u00e9 mesur\u00e9es, ainsi que les pousses lat\u00e9rales les plus longues qui ont \u00e9t\u00e9 s\u00e9lectionn\u00e9es parmi les pousses lat\u00e9rales poussant au dernier verticille de l&rsquo;ann\u00e9e correspondante.<\/p>\n<p>Des photographies h\u00e9misph\u00e9riques ont \u00e9t\u00e9 prises au centre des sous-placettes, au-dessus de la r\u00e9g\u00e9n\u00e9ration, \u00e0 l&rsquo;aube ou au cr\u00e9puscule, au printemps 2018 (Nikon D90, objectif fisheye Sigma 4,5 mm).<\/p>\n<p><span style=\"font-weight: 400;\">Etant donn\u00e9 que la croissance des gaules pourrait avoir \u00e9t\u00e9 affect\u00e9e par diff\u00e9rents ravageurs et agents pathog\u00e8nes associ\u00e9s aux sympt\u00f4mes de d\u00e9foliation, l&rsquo;indice de r\u00e9tention du feuillage a \u00e9t\u00e9 estim\u00e9. Consid\u00e9rant les probl\u00e8mes phytosanitaires affectant le douglas dans la zone d&rsquo;\u00e9tude, des observations et analyses compl\u00e9mentaires ont \u00e9t\u00e9 r\u00e9alis\u00e9es afin d&rsquo;\u00e9valuer plus en d\u00e9tail les dommages des ravageurs et agents pathog\u00e8nes de la r\u00e9g\u00e9n\u00e9ration du douglas. <\/span><\/p>\n<p>\u00c0 l&rsquo;\u00e9t\u00e9 2021, la diversit\u00e9 floristique, l&rsquo;abondance des microhabitats arbor\u00e9s et du bois mort ont \u00e9t\u00e9 \u00e9valu\u00e9es dans chaque peuplement.[\/vc_toggle][\/vc_column][\/vc_row][vc_row el_class=\u00a0\u00bbpt-2&Prime;][vc_column][vc_custom_heading text=\u00a0\u00bbLe r\u00e9seau wallon d&rsquo;enclos-exclos\u00a0\u00bb use_theme_fonts=\u00a0\u00bbyes\u00a0\u00bb el_class=\u00a0\u00bbmb-0&Prime;][vc_separator color=\u00a0\u00bbcustom\u00a0\u00bb el_class=\u00a0\u00bbpt-1&Prime; accent_color=\u00a0\u00bb#689d46&Prime;][\/vc_column][\/vc_row][vc_row][vc_column width=\u00a0\u00bb1\/2&Prime;][vc_single_image image=\u00a0\u00bb158&Prime; img_size=\u00a0\u00bbfull\u00a0\u00bb][\/vc_column][vc_column width=\u00a0\u00bb1\/2&Prime;][vc_column_text el_class=\u00a0\u00bbmb-0&Prime;]Des dispositifs exp\u00e9rimentaux enclos-exclos permettant d&rsquo;isoler l&rsquo;effet des ongul\u00e9s de celui d&rsquo;autres variables sur le d\u00e9veloppement de la r\u00e9g\u00e9n\u00e9ration.<\/p>\n<p><span style=\"font-weight: 400;\">Neuf cent septante unit\u00e9s d&rsquo;\u00e9chantillonnage (UE) ont \u00e9t\u00e9 install\u00e9es dans des zones foresti\u00e8res consid\u00e9r\u00e9es par les experts comme favorables au d\u00e9veloppement de la r\u00e9g\u00e9n\u00e9ration au stade le plus pr\u00e9coce de d\u00e9veloppement. Les unit\u00e9s d&rsquo;\u00e9chantillonnage ont \u00e9t\u00e9 s\u00e9lectionn\u00e9es au hasard parmi les n\u0153uds une grille de 200 m\u00e8tres \u00d7 200 m\u00e8tres<\/span><span style=\"font-weight: 400;\">. Les emplacements des zones d\u00e9favorables ont \u00e9t\u00e9 remplac\u00e9s par de nouveaux n\u0153uds choisis au hasard. Les UE sont compos\u00e9es de trois unit\u00e9s de sous-\u00e9chantillonnage (SUE) de 6 m\u00b2 chacune, l&rsquo;une est prot\u00e9g\u00e9e par une cl\u00f4ture (l&rsquo;enclos) et les deux autres sont situ\u00e9es \u00e0 proximit\u00e9 imm\u00e9diate avec leurs centres mat\u00e9rialis\u00e9s par un piquet (les exclos).<\/span>[\/vc_column_text][vc_toggle title=\u00a0\u00bbLire la suite\u00a0\u00bb style=\u00a0\u00bbsimple\u00a0\u00bb size=\u00a0\u00bbsm\u00a0\u00bb custom_font_container=\u00a0\u00bbtag:p|text_align:left\u00a0\u00bb custom_use_theme_fonts=\u00a0\u00bbyes\u00a0\u00bb use_custom_heading=\u00a0\u00bbtrue\u00a0\u00bb el_class=\u00a0\u00bbpt-1&Prime;]Le r\u00e9seau enclos-enclos n&rsquo;est donc pas repr\u00e9sentatif de toute la superficie foresti\u00e8re de la zone d&rsquo;\u00e9tude, mais des situations consid\u00e9r\u00e9es par les experts comme pr\u00e9sentant les meilleures conditions rencontr\u00e9es pour la r\u00e9g\u00e9n\u00e9ration foresti\u00e8re.<\/p>\n<p>Les agents forestiers ont mesur\u00e9 chaque ann\u00e9e la hauteur des semis, le nombre de semis et le couvert des strates herbac\u00e9es et ligneuses ainsi que le couvert des esp\u00e8ces herbac\u00e9es fr\u00e9quentes. Le nombre de semis d&rsquo;arbres a \u00e9t\u00e9 compt\u00e9 pour toutes les esp\u00e8ces pr\u00e9sentes, mais seules les hauteurs des plus hauts ont \u00e9t\u00e9 mesur\u00e9es. Jusqu&rsquo;\u00e0 5 semis pour une ou deux esp\u00e8ces consid\u00e9r\u00e9es comme l&rsquo;objectif local de r\u00e9g\u00e9n\u00e9ration, et 10 autres semis pour les autres esp\u00e8ces.[\/vc_toggle][\/vc_column][\/vc_row][vc_row][vc_column][vc_empty_space height=\u00a0\u00bb50px\u00a0\u00bb][\/vc_column][\/vc_row]<\/p>\n<\/div>","protected":false},"excerpt":{"rendered":"<p>[vc_row][vc_column][vc_empty_space height=\u00a0\u00bb50px\u00a0\u00bb][\/vc_column][\/vc_row][vc_row el_class=\u00a0\u00bbpt-2&Prime;][vc_column][vc_custom_heading text=\u00a0\u00bbPlacettes de r\u00e9g\u00e9n\u00e9ration en peuplements feuillus\u00a0\u00bb use_theme_fonts=\u00a0\u00bbyes\u00a0\u00bb el_class=\u00a0\u00bbmb-0&Prime;][vc_separator color=\u00a0\u00bbcustom\u00a0\u00bb el_class=\u00a0\u00bbpt-1&Prime; accent_color=\u00a0\u00bb#689d46&Prime;][\/vc_column][\/vc_row][vc_row][vc_column width=\u00a0\u00bb1\/2&Prime;][vc_single_image image=\u00a0\u00bb332&Prime; img_size=\u00a0\u00bbfull\u00a0\u00bb][\/vc_column][vc_column width=\u00a0\u00bb1\/2&Prime;][vc_column_text el_class=\u00a0\u00bbmb-0&Prime;]Ce jeu de donn\u00e9es contient le suivi de la r\u00e9g\u00e9n\u00e9ration naturelle en peuplements in\u00e9quiennes et m\u00e9lang\u00e9s de ch\u00eane sessile (Quercus petraea (Matt.) Liebl.) et de h\u00eatre (Fagus sylvatica L.), en Ardenne belge (50\u00b015&rsquo;N, 5\u00b040&rsquo;E) entre 2007 et [&hellip;]<\/p>\n","protected":false},"author":1,"featured_media":491,"parent":829,"menu_order":0,"comment_status":"closed","ping_status":"closed","template":"","meta":{"footnotes":""},"class_list":["post-841","page","type-page","status-publish","has-post-thumbnail","hentry"],"yoast_head":"<!-- This site is optimized with the Yoast SEO plugin v28.4 - https:\/\/yoast.com\/product\/yoast-seo-wordpress\/ -->\n<title>Suivi de la r\u00e9g\u00e9n\u00e9ration | REGE+<\/title>\n<meta name=\"robots\" content=\"index, follow, max-snippet:-1, max-image-preview:large, max-video-preview:-1\" \/>\n<link rel=\"canonical\" href=\"https:\/\/www.regeplus.be\/fr\/data-sets\/regeneration-monitoring\/\" \/>\n<meta property=\"og:locale\" content=\"fr_FR\" \/>\n<meta property=\"og:type\" content=\"article\" \/>\n<meta property=\"og:title\" content=\"Suivi de la r\u00e9g\u00e9n\u00e9ration | REGE+\" \/>\n<meta property=\"og:description\" content=\"[vc_row][vc_column][vc_empty_space height=\u00a0\u00bb50px\u00a0\u00bb][\/vc_column][\/vc_row][vc_row el_class=\u00a0\u00bbpt-2&Prime;][vc_column][vc_custom_heading text=\u00a0\u00bbPlacettes de r\u00e9g\u00e9n\u00e9ration en peuplements feuillus\u00a0\u00bb use_theme_fonts=\u00a0\u00bbyes\u00a0\u00bb el_class=\u00a0\u00bbmb-0&Prime;][vc_separator color=\u00a0\u00bbcustom\u00a0\u00bb el_class=\u00a0\u00bbpt-1&Prime; accent_color=\u00a0\u00bb#689d46&Prime;][\/vc_column][\/vc_row][vc_row][vc_column width=\u00a0\u00bb1\/2&Prime;][vc_single_image image=\u00a0\u00bb332&Prime; img_size=\u00a0\u00bbfull\u00a0\u00bb][\/vc_column][vc_column width=\u00a0\u00bb1\/2&Prime;][vc_column_text el_class=\u00a0\u00bbmb-0&Prime;]Ce jeu de donn\u00e9es contient le suivi de la r\u00e9g\u00e9n\u00e9ration naturelle en peuplements in\u00e9quiennes et m\u00e9lang\u00e9s de ch\u00eane sessile (Quercus petraea (Matt.) Liebl.) et de h\u00eatre (Fagus sylvatica L.), en Ardenne belge (50\u00b015&rsquo;N, 5\u00b040&rsquo;E) entre 2007 et [&hellip;]\" \/>\n<meta property=\"og:url\" content=\"https:\/\/www.regeplus.be\/fr\/data-sets\/regeneration-monitoring\/\" \/>\n<meta property=\"og:site_name\" content=\"REGE+\" \/>\n<meta property=\"article:modified_time\" content=\"2022-01-13T14:02:35+00:00\" \/>\n<meta property=\"og:image\" content=\"https:\/\/www.regeplus.be\/files\/uploads\/2021\/09\/monitoring.jpg\" \/>\n\t<meta property=\"og:image:width\" content=\"512\" \/>\n\t<meta property=\"og:image:height\" content=\"384\" \/>\n\t<meta property=\"og:image:type\" content=\"image\/jpeg\" \/>\n<meta name=\"twitter:card\" content=\"summary_large_image\" \/>\n<meta name=\"twitter:label1\" content=\"Dur\u00e9e de lecture estim\u00e9e\" \/>\n\t<meta name=\"twitter:data1\" content=\"7 minutes\" \/>\n<script type=\"application\/ld+json\" class=\"yoast-schema-graph\">{\"@context\":\"https:\\\/\\\/schema.org\",\"@graph\":[{\"@type\":\"WebPage\",\"@id\":\"https:\\\/\\\/www.regeplus.be\\\/fr\\\/data-sets\\\/regeneration-monitoring\\\/\",\"url\":\"https:\\\/\\\/www.regeplus.be\\\/fr\\\/data-sets\\\/regeneration-monitoring\\\/\",\"name\":\"Suivi de la r\u00e9g\u00e9n\u00e9ration | REGE+\",\"isPartOf\":{\"@id\":\"https:\\\/\\\/www.regeplus.be\\\/fr\\\/#website\"},\"primaryImageOfPage\":{\"@id\":\"https:\\\/\\\/www.regeplus.be\\\/fr\\\/data-sets\\\/regeneration-monitoring\\\/#primaryimage\"},\"image\":{\"@id\":\"https:\\\/\\\/www.regeplus.be\\\/fr\\\/data-sets\\\/regeneration-monitoring\\\/#primaryimage\"},\"thumbnailUrl\":\"https:\\\/\\\/www.regeplus.be\\\/files\\\/uploads\\\/2021\\\/09\\\/monitoring.jpg\",\"datePublished\":\"2021-08-08T16:31:20+00:00\",\"dateModified\":\"2022-01-13T14:02:35+00:00\",\"breadcrumb\":{\"@id\":\"https:\\\/\\\/www.regeplus.be\\\/fr\\\/data-sets\\\/regeneration-monitoring\\\/#breadcrumb\"},\"inLanguage\":\"fr-FR\",\"potentialAction\":[{\"@type\":\"ReadAction\",\"target\":[\"https:\\\/\\\/www.regeplus.be\\\/fr\\\/data-sets\\\/regeneration-monitoring\\\/\"]}]},{\"@type\":\"ImageObject\",\"inLanguage\":\"fr-FR\",\"@id\":\"https:\\\/\\\/www.regeplus.be\\\/fr\\\/data-sets\\\/regeneration-monitoring\\\/#primaryimage\",\"url\":\"https:\\\/\\\/www.regeplus.be\\\/files\\\/uploads\\\/2021\\\/09\\\/monitoring.jpg\",\"contentUrl\":\"https:\\\/\\\/www.regeplus.be\\\/files\\\/uploads\\\/2021\\\/09\\\/monitoring.jpg\",\"width\":512,\"height\":384},{\"@type\":\"BreadcrumbList\",\"@id\":\"https:\\\/\\\/www.regeplus.be\\\/fr\\\/data-sets\\\/regeneration-monitoring\\\/#breadcrumb\",\"itemListElement\":[{\"@type\":\"ListItem\",\"position\":1,\"name\":\"Accueil\",\"item\":\"https:\\\/\\\/www.regeplus.be\\\/fr\\\/\"},{\"@type\":\"ListItem\",\"position\":2,\"name\":\"Jeux de donn\u00e9es\",\"item\":\"https:\\\/\\\/www.regeplus.be\\\/fr\\\/data-sets\\\/\"},{\"@type\":\"ListItem\",\"position\":3,\"name\":\"Suivi de la r\u00e9g\u00e9n\u00e9ration\"}]},{\"@type\":\"WebSite\",\"@id\":\"https:\\\/\\\/www.regeplus.be\\\/fr\\\/#website\",\"url\":\"https:\\\/\\\/www.regeplus.be\\\/fr\\\/\",\"name\":\"REGE+\",\"description\":\"\",\"publisher\":{\"@id\":\"https:\\\/\\\/www.regeplus.be\\\/fr\\\/#organization\"},\"potentialAction\":[{\"@type\":\"SearchAction\",\"target\":{\"@type\":\"EntryPoint\",\"urlTemplate\":\"https:\\\/\\\/www.regeplus.be\\\/fr\\\/?s={search_term_string}\"},\"query-input\":{\"@type\":\"PropertyValueSpecification\",\"valueRequired\":true,\"valueName\":\"search_term_string\"}}],\"inLanguage\":\"fr-FR\"},{\"@type\":\"Organization\",\"@id\":\"https:\\\/\\\/www.regeplus.be\\\/fr\\\/#organization\",\"name\":\"Rege+\",\"url\":\"https:\\\/\\\/www.regeplus.be\\\/fr\\\/\",\"logo\":{\"@type\":\"ImageObject\",\"inLanguage\":\"fr-FR\",\"@id\":\"https:\\\/\\\/www.regeplus.be\\\/fr\\\/#\\\/schema\\\/logo\\\/image\\\/\",\"url\":\"https:\\\/\\\/www.regeplus.be\\\/files\\\/uploads\\\/2021\\\/11\\\/regeplus_logo.png\",\"contentUrl\":\"https:\\\/\\\/www.regeplus.be\\\/files\\\/uploads\\\/2021\\\/11\\\/regeplus_logo.png\",\"width\":2061,\"height\":1555,\"caption\":\"Rege+\"},\"image\":{\"@id\":\"https:\\\/\\\/www.regeplus.be\\\/fr\\\/#\\\/schema\\\/logo\\\/image\\\/\"}}]}<\/script>\n<!-- \/ Yoast SEO plugin. -->","yoast_head_json":{"title":"Suivi de la r\u00e9g\u00e9n\u00e9ration | REGE+","robots":{"index":"index","follow":"follow","max-snippet":"max-snippet:-1","max-image-preview":"max-image-preview:large","max-video-preview":"max-video-preview:-1"},"canonical":"https:\/\/www.regeplus.be\/fr\/data-sets\/regeneration-monitoring\/","og_locale":"fr_FR","og_type":"article","og_title":"Suivi de la r\u00e9g\u00e9n\u00e9ration | REGE+","og_description":"[vc_row][vc_column][vc_empty_space height=\u00a0\u00bb50px\u00a0\u00bb][\/vc_column][\/vc_row][vc_row el_class=\u00a0\u00bbpt-2&Prime;][vc_column][vc_custom_heading text=\u00a0\u00bbPlacettes de r\u00e9g\u00e9n\u00e9ration en peuplements feuillus\u00a0\u00bb use_theme_fonts=\u00a0\u00bbyes\u00a0\u00bb el_class=\u00a0\u00bbmb-0&Prime;][vc_separator color=\u00a0\u00bbcustom\u00a0\u00bb el_class=\u00a0\u00bbpt-1&Prime; accent_color=\u00a0\u00bb#689d46&Prime;][\/vc_column][\/vc_row][vc_row][vc_column width=\u00a0\u00bb1\/2&Prime;][vc_single_image image=\u00a0\u00bb332&Prime; img_size=\u00a0\u00bbfull\u00a0\u00bb][\/vc_column][vc_column width=\u00a0\u00bb1\/2&Prime;][vc_column_text el_class=\u00a0\u00bbmb-0&Prime;]Ce jeu de donn\u00e9es contient le suivi de la r\u00e9g\u00e9n\u00e9ration naturelle en peuplements in\u00e9quiennes et m\u00e9lang\u00e9s de ch\u00eane sessile (Quercus petraea (Matt.) Liebl.) et de h\u00eatre (Fagus sylvatica L.), en Ardenne belge (50\u00b015&rsquo;N, 5\u00b040&rsquo;E) entre 2007 et [&hellip;]","og_url":"https:\/\/www.regeplus.be\/fr\/data-sets\/regeneration-monitoring\/","og_site_name":"REGE+","article_modified_time":"2022-01-13T14:02:35+00:00","og_image":[{"width":512,"height":384,"url":"https:\/\/www.regeplus.be\/files\/uploads\/2021\/09\/monitoring.jpg","type":"image\/jpeg"}],"twitter_card":"summary_large_image","twitter_misc":{"Dur\u00e9e de lecture estim\u00e9e":"7 minutes"},"schema":{"@context":"https:\/\/schema.org","@graph":[{"@type":"WebPage","@id":"https:\/\/www.regeplus.be\/fr\/data-sets\/regeneration-monitoring\/","url":"https:\/\/www.regeplus.be\/fr\/data-sets\/regeneration-monitoring\/","name":"Suivi de la r\u00e9g\u00e9n\u00e9ration | REGE+","isPartOf":{"@id":"https:\/\/www.regeplus.be\/fr\/#website"},"primaryImageOfPage":{"@id":"https:\/\/www.regeplus.be\/fr\/data-sets\/regeneration-monitoring\/#primaryimage"},"image":{"@id":"https:\/\/www.regeplus.be\/fr\/data-sets\/regeneration-monitoring\/#primaryimage"},"thumbnailUrl":"https:\/\/www.regeplus.be\/files\/uploads\/2021\/09\/monitoring.jpg","datePublished":"2021-08-08T16:31:20+00:00","dateModified":"2022-01-13T14:02:35+00:00","breadcrumb":{"@id":"https:\/\/www.regeplus.be\/fr\/data-sets\/regeneration-monitoring\/#breadcrumb"},"inLanguage":"fr-FR","potentialAction":[{"@type":"ReadAction","target":["https:\/\/www.regeplus.be\/fr\/data-sets\/regeneration-monitoring\/"]}]},{"@type":"ImageObject","inLanguage":"fr-FR","@id":"https:\/\/www.regeplus.be\/fr\/data-sets\/regeneration-monitoring\/#primaryimage","url":"https:\/\/www.regeplus.be\/files\/uploads\/2021\/09\/monitoring.jpg","contentUrl":"https:\/\/www.regeplus.be\/files\/uploads\/2021\/09\/monitoring.jpg","width":512,"height":384},{"@type":"BreadcrumbList","@id":"https:\/\/www.regeplus.be\/fr\/data-sets\/regeneration-monitoring\/#breadcrumb","itemListElement":[{"@type":"ListItem","position":1,"name":"Accueil","item":"https:\/\/www.regeplus.be\/fr\/"},{"@type":"ListItem","position":2,"name":"Jeux de donn\u00e9es","item":"https:\/\/www.regeplus.be\/fr\/data-sets\/"},{"@type":"ListItem","position":3,"name":"Suivi de la r\u00e9g\u00e9n\u00e9ration"}]},{"@type":"WebSite","@id":"https:\/\/www.regeplus.be\/fr\/#website","url":"https:\/\/www.regeplus.be\/fr\/","name":"REGE+","description":"","publisher":{"@id":"https:\/\/www.regeplus.be\/fr\/#organization"},"potentialAction":[{"@type":"SearchAction","target":{"@type":"EntryPoint","urlTemplate":"https:\/\/www.regeplus.be\/fr\/?s={search_term_string}"},"query-input":{"@type":"PropertyValueSpecification","valueRequired":true,"valueName":"search_term_string"}}],"inLanguage":"fr-FR"},{"@type":"Organization","@id":"https:\/\/www.regeplus.be\/fr\/#organization","name":"Rege+","url":"https:\/\/www.regeplus.be\/fr\/","logo":{"@type":"ImageObject","inLanguage":"fr-FR","@id":"https:\/\/www.regeplus.be\/fr\/#\/schema\/logo\/image\/","url":"https:\/\/www.regeplus.be\/files\/uploads\/2021\/11\/regeplus_logo.png","contentUrl":"https:\/\/www.regeplus.be\/files\/uploads\/2021\/11\/regeplus_logo.png","width":2061,"height":1555,"caption":"Rege+"},"image":{"@id":"https:\/\/www.regeplus.be\/fr\/#\/schema\/logo\/image\/"}}]}},"_links":{"self":[{"href":"https:\/\/www.regeplus.be\/fr\/wp-json\/wp\/v2\/pages\/841","targetHints":{"allow":["GET"]}}],"collection":[{"href":"https:\/\/www.regeplus.be\/fr\/wp-json\/wp\/v2\/pages"}],"about":[{"href":"https:\/\/www.regeplus.be\/fr\/wp-json\/wp\/v2\/types\/page"}],"author":[{"embeddable":true,"href":"https:\/\/www.regeplus.be\/fr\/wp-json\/wp\/v2\/users\/1"}],"replies":[{"embeddable":true,"href":"https:\/\/www.regeplus.be\/fr\/wp-json\/wp\/v2\/comments?post=841"}],"version-history":[{"count":5,"href":"https:\/\/www.regeplus.be\/fr\/wp-json\/wp\/v2\/pages\/841\/revisions"}],"predecessor-version":[{"id":4363,"href":"https:\/\/www.regeplus.be\/fr\/wp-json\/wp\/v2\/pages\/841\/revisions\/4363"}],"up":[{"embeddable":true,"href":"https:\/\/www.regeplus.be\/fr\/wp-json\/wp\/v2\/pages\/829"}],"wp:featuredmedia":[{"embeddable":true,"href":"https:\/\/www.regeplus.be\/fr\/wp-json\/wp\/v2\/media\/491"}],"wp:attachment":[{"href":"https:\/\/www.regeplus.be\/fr\/wp-json\/wp\/v2\/media?parent=841"}],"curies":[{"name":"wp","href":"https:\/\/api.w.org\/{rel}","templated":true}]}}